{"id":17584,"date":"2017-09-01T20:43:57","date_gmt":"2017-09-01T20:43:57","guid":{"rendered":"http:\/\/fundarte.us\/fundarte-event\/out-in-the-tropics\/"},"modified":"2018-07-17T15:22:48","modified_gmt":"2018-07-17T15:22:48","slug":"out-in-the-tropics-2018","status":"publish","type":"fundarte-event","link":"https:\/\/fundarte.us\/es\/fundarte-event\/out-in-the-tropics-2018\/","title":{"rendered":"Out in the Tropics 2018"},"content":{"rendered":"<p>FUNDarte y el Centro Cultural Espa\u00f1ol (CCEMiami), presentan<strong> Out in the Tropics 2018<\/strong> (OITT) celebra su novena edici\u00f3n con una completa programaci\u00f3n que se extender\u00e1 durante un mes, <strong>desde el 24 de mayo al 24 de junio de 2018<\/strong>, por distintos espacios y salas de Miami-Dade County. El programa no dejar\u00e1 indiferente a la audiencia por su apuesta multidisciplinar que incluye la exhibici\u00f3n de la pintora de culto cubana <strong>Roc\u00edo Garc\u00eda<\/strong>; la provocadora performance teatral <strong>BR TRANS<\/strong> del artista brasile\u00f1o <strong>Silvero Pereira<\/strong>; el concierto del m\u00fasico e investigador del folclor espa\u00f1ol <strong>Eliseo Parra<\/strong>; lectura de poes\u00eda del autor cubano-americano <strong>Richard Blanco<\/strong> y la presentaci\u00f3n de <strong>siete obras de microteatro.<\/strong><\/p>\n<p>&nbsp;<\/p>\n<p>[vc_video link=&#8217;https:\/\/youtu.be\/tWYn3vXz2pY&#8217;]<\/p>\n<p>&nbsp;<\/p>\n<p>FUNDarte y el <strong>Centro Cultural Espa\u00f1ol<\/strong> presentan la muestra de <strong>Roc\u00edo Garc\u00eda<\/strong>: <strong><em>M\u00e1s all\u00e1 del erotismo<\/em><\/strong>. Esta es la segunda exposici\u00f3n individual del artista en la ciudad de Miami, as\u00ed como su primera retrospectiva hasta la fecha. Garc\u00eda, en palabras de la curadora <strong>Elvia Rosa Castro<\/strong>, \u00abno es solo uno de las mejores artistas cubanas de todos los tiempos; ella es tambi\u00e9n una artista de culto. Influenciada por la naturaleza secuencial del cine y de las historietas de c\u00f3mic, as\u00ed como de su arsenal de reflexiones imaginarias, Garc\u00eda crea historias en las que la trama se desarrolla sutilmente entre un lienzo y otro. Si bien el tema homoer\u00f3tico es una de las plataformas discursivas para abordar temas que lo trascienden, y aunque su trabajo no se limita a este tema, debe se\u00f1alarse que ning\u00fan otro artista en la escena art\u00edstica cubana, hombre o mujer, dentro o fuera de la isla, ha abordado remotamente este tema con la honestidad, la eficiencia y la valent\u00eda de Garc\u00eda\u00bb.<\/p>\n<p>&nbsp;<\/p>\n<p><a href=\"https:\/\/www.eventbrite.com\/e\/opening-exhibition-beyond-eroticism-by-rocio-garcia-tickets-45861185039\"><img fetchpriority=\"high\" decoding=\"async\" class=\"alignnone size-full wp-image-17872\" src=\"https:\/\/fundarte.us\/wp-content\/uploads\/2018\/04\/OIT-Rocio-BC-Front.jpg\" alt=\"\" width=\"1125\" height=\"675\" srcset=\"https:\/\/fundarte.us\/wp-content\/uploads\/2018\/04\/OIT-Rocio-BC-Front.jpg 1125w, https:\/\/fundarte.us\/wp-content\/uploads\/2018\/04\/OIT-Rocio-BC-Front-300x180.jpg 300w, https:\/\/fundarte.us\/wp-content\/uploads\/2018\/04\/OIT-Rocio-BC-Front-768x461.jpg 768w, https:\/\/fundarte.us\/wp-content\/uploads\/2018\/04\/OIT-Rocio-BC-Front-1024x614.jpg 1024w, https:\/\/fundarte.us\/wp-content\/uploads\/2018\/04\/OIT-Rocio-BC-Front-700x420.jpg 700w\" sizes=\"(max-width: 1125px) 100vw, 1125px\" \/><\/a><\/p>\n<p>&nbsp;<\/p>\n<p><strong>Roc\u00edo Garc\u00eda Nuez<\/strong> naci\u00f3 en Santa Clara, Cuba, en 1955. Estudi\u00f3 en la Academia de Artes de San Alejandro en La Habana entre 1970 y 1975. M\u00e1s tarde, en 1976, recibi\u00f3 una beca para estudiar en I. Repin Instituto de la Academia Estatal de San Petersburgo de Pintura, Escultura y Arquitectura en la antigua Uni\u00f3n Sovi\u00e9tica. En 1983, se gradu\u00f3 con una Maestr\u00eda en Bellas Artes. Roc\u00edo es una de las artistas m\u00e1s reconocidas de la pintura cubana contempor\u00e1nea y ha ense\u00f1ado arte por m\u00e1s de 30 a\u00f1os en su alma mater en La Habana.<\/p>\n<p>&nbsp;<\/p>\n<p><a href=\"https:\/\/www.facebook.com\/photo.php?fbid=10155477905526039&amp;set=pcb.10155477918596039&amp;type=3&amp;theater\"><img decoding=\"async\" class=\"size-full wp-image-18106 alignnone\" src=\"https:\/\/fundarte.us\/wp-content\/uploads\/2018\/07\/Rocio-CCEMiami-015.jpg\" alt=\"\" width=\"861\" height=\"500\" srcset=\"https:\/\/fundarte.us\/wp-content\/uploads\/2018\/07\/Rocio-CCEMiami-015.jpg 861w, https:\/\/fundarte.us\/wp-content\/uploads\/2018\/07\/Rocio-CCEMiami-015-300x174.jpg 300w, https:\/\/fundarte.us\/wp-content\/uploads\/2018\/07\/Rocio-CCEMiami-015-768x446.jpg 768w, https:\/\/fundarte.us\/wp-content\/uploads\/2018\/07\/Rocio-CCEMiami-015-700x407.jpg 700w\" sizes=\"(max-width: 861px) 100vw, 861px\" \/><\/a><\/p>\n<h6>Apertura de la exposici\u00f3n de<strong> Roc\u00edo Garc\u00eda<\/strong>: <strong><em>M\u00e1s all\u00e1 del erotismo<\/em><\/strong>. Evento del Festival OITT,\u00a0 presentado <strong>FUNDarte<\/strong> y el <strong>Centro Cultural Espa\u00f1ol en Miami <\/strong>(CCEMiami). Jueves 22 de mayo del 2018. CCEMiami (1490 Biscayne Blvd, Miami) . Fotograf\u00eda por Manolo Romalde.<\/h6>\n<p>&nbsp;<\/p>\n<p>Garc\u00eda ha participado en docenas de exposiciones colectivas y ha organizado m\u00e1s de 30 exposiciones personales en Cuba y en el extranjero. Las instituciones, dentro y fuera de Cuba, le han otorgado prestigiosos premios y residencias art\u00edsticas. Ella vive y trabaja en La Havana.<\/p>\n<p><strong><u>Programaci\u00f3n<\/u><\/strong><\/p>\n<p><strong>\u00a0<\/strong><\/p>\n<p><strong>Exposici\u00f3n <em>M\u00e1s all\u00e1 del erotismo, <\/em>de Roc\u00edo Garc\u00eda (Cuba)<\/strong><\/p>\n<p><strong>Centro Cultural Espa\u00f1ol \u2013CCEMiami <\/strong>(1490 Biscayne Blvd, Miami)<\/p>\n<p><strong>Opening, Jueves 24 de mayo de 7 PM \u2013 9 PM.\u00a0\u00a0 Puede reservar entradas en: <a href=\"https:\/\/www.eventbrite.com\/e\/opening-exhibition-beyond-eroticism-by-rocio-garcia-tickets-45861185039\">Eventbrite \u00a0<\/a>\u00a0\u00a0\u00a0\u00a0\u00a0\u00a0\u00a0\u00a0\u00a0\u00a0\u00a0\u00a0\u00a0\u00a0\u00a0\u00a0\u00a0\u00a0\u00a0\u00a0\u00a0\u00a0\u00a0\u00a0\u00a0\u00a0\u00a0\u00a0\u00a0\u00a0\u00a0\u00a0\u00a0\u00a0\u00a0\u00a0\u00a0\u00a0\u00a0\u00a0\u00a0\u00a0 <\/strong><\/p>\n<p><strong>Horarios: <\/strong>Del viernes 25 de mayo al viernes 22 de junio de 2018, de 9:00 AM \u2013 4:00 PM.<strong>\u00a0\u00a0\u00a0\u00a0\u00a0\u00a0\u00a0\u00a0\u00a0\u00a0\u00a0\u00a0\u00a0\u00a0\u00a0\u00a0\u00a0\u00a0\u00a0\u00a0\u00a0\u00a0\u00a0\u00a0\u00a0\u00a0 <\/strong><\/p>\n<p><strong>Horarios galer\u00eda: <\/strong>Abierta de lunes a viernes. Cerrada S\u00e1bado-domingo<\/p>\n<p><strong>Admisi\u00f3n gratuita<\/strong><\/p>\n<p>&nbsp;<\/p>\n<p>&nbsp;<\/p>\n<p><img decoding=\"async\" class=\"alignnone size-full wp-image-17870\" src=\"https:\/\/fundarte.us\/wp-content\/uploads\/2018\/04\/OIT-Micro-BC-Front.jpg\" alt=\"\" width=\"1125\" height=\"675\" srcset=\"https:\/\/fundarte.us\/wp-content\/uploads\/2018\/04\/OIT-Micro-BC-Front.jpg 1125w, https:\/\/fundarte.us\/wp-content\/uploads\/2018\/04\/OIT-Micro-BC-Front-300x180.jpg 300w, https:\/\/fundarte.us\/wp-content\/uploads\/2018\/04\/OIT-Micro-BC-Front-768x461.jpg 768w, https:\/\/fundarte.us\/wp-content\/uploads\/2018\/04\/OIT-Micro-BC-Front-1024x614.jpg 1024w, https:\/\/fundarte.us\/wp-content\/uploads\/2018\/04\/OIT-Micro-BC-Front-700x420.jpg 700w\" sizes=\"(max-width: 1125px) 100vw, 1125px\" \/><\/p>\n<p>&nbsp;<\/p>\n<p><strong>Out of the Cointener \u2013 Ciclo de Microteatro <\/strong><\/p>\n<p><strong>Centro Cultural Espa\u00f1ol \u2013CCEMiami <\/strong>(1490 Biscayne Blvd, Miami)<\/p>\n<p><strong>Del jueves 24 de mayo al domingo 24 de junio de 2018, de 8:00 a.m. a 12:00 a.m.<\/strong><\/p>\n<p>(Jueves &#8211; Domingo)<\/p>\n<p><strong>ADMISI\u00d3N<\/strong>: Admisi\u00f3n general de $6 por actuaci\u00f3n &#8211; limitado a 15 miembros de la audiencia por contenedor. Boletos con descuento de $5 para los miembros de CCEMiami.<\/p>\n<p><strong>Boletos:<\/strong> https:\/\/tickets.microtheatermiami.com\/ O en la puerta (la taquilla se abre una hora antes de la hora del espect\u00e1culo).<\/p>\n<p>&nbsp;<\/p>\n<p>CCEMiami presenta la nueva temporada de obras biling\u00fces <strong>Out of the Container<\/strong>, un serie de cinco semanas dentro de Microtheater Miami. Las obras de microteatro se presentan a una audiencia de 15 personas en 7 contenedores diferentes.<\/p>\n<p>&nbsp;<\/p>\n<p>&nbsp;<\/p>\n<h6><a href=\"https:\/\/www.ticketmaster.com\/search?tm_link=tm_homeA_header_search&amp;user_input=BR+TRANS&amp;q=BR+TRANS\"><img loading=\"lazy\" decoding=\"async\" class=\"alignnone size-full wp-image-17868\" src=\"https:\/\/fundarte.us\/wp-content\/uploads\/2018\/04\/OIT-BEND-BC-Front.jpg\" alt=\"\" width=\"1125\" height=\"675\" srcset=\"https:\/\/fundarte.us\/wp-content\/uploads\/2018\/04\/OIT-BEND-BC-Front.jpg 1125w, https:\/\/fundarte.us\/wp-content\/uploads\/2018\/04\/OIT-BEND-BC-Front-300x180.jpg 300w, https:\/\/fundarte.us\/wp-content\/uploads\/2018\/04\/OIT-BEND-BC-Front-768x461.jpg 768w, https:\/\/fundarte.us\/wp-content\/uploads\/2018\/04\/OIT-BEND-BC-Front-1024x614.jpg 1024w, https:\/\/fundarte.us\/wp-content\/uploads\/2018\/04\/OIT-BEND-BC-Front-700x420.jpg 700w\" sizes=\"(max-width: 1125px) 100vw, 1125px\" \/><\/a><\/h6>\n<p>&nbsp;<\/p>\n<p><strong>BR Trans por Silvero Pereira (Brasil) &#8211; Compa\u00f1\u00eda de teatro As Travestidas<\/strong><\/p>\n<p><strong>The Gleason Room at the Fillmore (<\/strong>1700 Washington Avenue, Miami Beach)<\/p>\n<p><strong>Jueves, 21 de junio y viernes, 22 de junio de 2018 a las 8:30 p.m<\/strong><\/p>\n<p><strong>Admisi\u00f3n:<\/strong> $25 general \/ $20 para estudiantes (menores de 18) y seniors (m\u00e1s de 65), Miembros del CCEMiami, residentes de Miami Beach con I.D.<\/p>\n<p><strong>Boletos<\/strong>: En en www.fundarte.us, www.ticketmaster.com o por tel\u00e9fono (800) 745-3000 (ticketmaster) o (305) 673-7300 (Fillmore Miami). Tambi\u00e9n disponibles en la taquilla del Fillmore de lunes a viernes 11:00 a.m. a 6:00 p.m. Las tarifas grupales est\u00e1n disponibles llamando a FUNDarte 786.348.0789.<\/p>\n<p><strong>\u00a0<\/strong><\/p>\n<p>Solo por dos noches, el autor, actor y director, <strong>Silvero Pereira<\/strong> interpretar\u00e1 <em>BR TRANS<\/em>. Con historias reales recopiladas durante un proceso de investigaci\u00f3n realizado mientras viajaba y trabajaba con transexuales en las regiones del noroeste y el sur de Brasil, esta obra explora magn\u00edficamente conmovedores temas con ingenio y con rico arte esc\u00e9nico.<\/p>\n<p>&nbsp;<\/p>\n<h6><a href=\"https:\/\/www.facebook.com\/pg\/fundarte.us\/photos\/?tab=album&amp;album_id=10156471885817480\"><img loading=\"lazy\" decoding=\"async\" class=\"alignnone size-full wp-image-18108\" src=\"https:\/\/fundarte.us\/wp-content\/uploads\/2018\/07\/BRTRANS-2-1.png\" alt=\"\" width=\"1000\" height=\"648\" srcset=\"https:\/\/fundarte.us\/wp-content\/uploads\/2018\/07\/BRTRANS-2-1.png 1000w, https:\/\/fundarte.us\/wp-content\/uploads\/2018\/07\/BRTRANS-2-1-300x194.png 300w, https:\/\/fundarte.us\/wp-content\/uploads\/2018\/07\/BRTRANS-2-1-768x498.png 768w, https:\/\/fundarte.us\/wp-content\/uploads\/2018\/07\/BRTRANS-2-1-400x260.png 400w, https:\/\/fundarte.us\/wp-content\/uploads\/2018\/07\/BRTRANS-2-1-700x454.png 700w\" sizes=\"(max-width: 1000px) 100vw, 1000px\" \/><\/a>Actuaci\u00f3n de <strong>Silvero Pereira<\/strong> en la obra BR TRANS. Evento del Festival OITT,\u00a0 presentado FUNDarte y el Centro Cultural Espa\u00f1ol en Miami (CCEMiami). 22 de Junio del 2018.\u00a0The Gleason Room at the Fillmore. Fotograf\u00eda por Manolo Romalde.<\/h6>\n<p>&nbsp;<\/p>\n<p>La pieza BR-Trans fue nombrada una de las diez mejores obras en 2015 por uno de los peri\u00f3dicos m\u00e1s importantes de Brasil. Esta pieza ha sido vista por m\u00e1s de 30,000 personas en todo Brasil y gan\u00f3 el premio Aplauso Brasil en las siguientes categor\u00edas: mejor actor, direcci\u00f3n y dramaturgia en 2016. <strong><u>Presentado en portugu\u00e9s con subt\u00edtulos en ingl\u00e9s.<\/u><\/strong><\/p>\n<p>&nbsp;<\/p>\n<p>BR TRANS | Silvero Pereira es actor, director, productor y escritor. Tiene un t\u00edtulo de actuaci\u00f3n del Instituto Federal de Educaci\u00f3n de Cear\u00e1 y comenz\u00f3 su carrera en 1998 como actor en Dionisyos Theatre Company. Ese mismo a\u00f1o, fund\u00f3 el Parque de Teatro, en el que desarroll\u00f3 un trabajo comunitario con j\u00f3venes desatendidos en un \u00e1rea rural de su estado, utilizando las artes como una forma de educaci\u00f3n. En 2005, cre\u00f3 el Colectivo art\u00edstico como <em>Travestidas<\/em>, produciendo y dirigiendo <em>Uma Flor De Dama<\/em> (2005), <em>Cabare Da Dama<\/em> (2008), <em>Engenharia Er\u00f3tica &#8211; Fabrica de Travestis<\/em> (2012), <em>Br-Trans<\/em> (2013), <em>Cabare Das Travestidas<\/em> ( 2014) y <em>Qtmt &#8211; Quem Tem Medo De Travesti<\/em> (2015).<\/p>\n<p>M\u00e1s info: http:\/\/coletivoastravesti.wixsite.com\/astravestidas<\/p>\n<p>&nbsp;<\/p>\n<p>&nbsp;<\/p>\n<p><img loading=\"lazy\" decoding=\"async\" class=\"alignnone size-full wp-image-17871\" src=\"https:\/\/fundarte.us\/wp-content\/uploads\/2018\/04\/OIT-Richard-Blanco-BC-Front.jpg\" alt=\"\" width=\"1125\" height=\"675\" srcset=\"https:\/\/fundarte.us\/wp-content\/uploads\/2018\/04\/OIT-Richard-Blanco-BC-Front.jpg 1125w, https:\/\/fundarte.us\/wp-content\/uploads\/2018\/04\/OIT-Richard-Blanco-BC-Front-300x180.jpg 300w, https:\/\/fundarte.us\/wp-content\/uploads\/2018\/04\/OIT-Richard-Blanco-BC-Front-768x461.jpg 768w, https:\/\/fundarte.us\/wp-content\/uploads\/2018\/04\/OIT-Richard-Blanco-BC-Front-1024x614.jpg 1024w, https:\/\/fundarte.us\/wp-content\/uploads\/2018\/04\/OIT-Richard-Blanco-BC-Front-700x420.jpg 700w\" sizes=\"(max-width: 1125px) 100vw, 1125px\" \/><\/p>\n<p><em><strong>\u00a0<\/strong><\/em><\/p>\n<p><strong>Richard Blanco &#8211;<\/strong><\/p>\n<p><strong>Lectura de poes\u00eda: La Intersecci\u00f3n de la Identidad Sexual &amp; Cultural.<\/strong><\/p>\n<p><strong>S\u00e1bado 23 de junio de 2018 a las 4:00 p.m.<\/strong><\/p>\n<p><strong>Jard\u00edn Bot\u00e1nico de Miami Beach: 2000 Convention Center Drive, Miami Beach<\/strong>.<\/p>\n<p><strong>Admisi\u00f3n<\/strong>: Esta presentaci\u00f3n es GRATUITA y est\u00e1 abierta al p\u00fablico por orden de llegada.<\/p>\n<p><strong>Puede reservar entradas en: <a href=\"https:\/\/www.eventbrite.com\/e\/richard-blanco-the-intersection-of-sexual-cultural-identities-tickets-45808136369?utm_source=eb_email&amp;utm_medium=email&amp;utm_campaign=new_event_email&amp;utm_term=viewmyevent_button\">Eventbrite<\/a><br \/>\n<\/strong><\/p>\n<p><strong>Richard Blanco<\/strong>, el quinto poeta inaugural de los Estados Unidos, as\u00ed como la primera persona latina, abiertamente identificada como gay y la persona m\u00e1s joven en ocupar el puesto hasta la fecha, presenta una lectura p\u00fablica gratuita de su inspiradora y sincera poes\u00eda.<\/p>\n<p>&nbsp;<\/p>\n<h6><a href=\"https:\/\/www.facebook.com\/pg\/fundarte.us\/photos\/?tab=album&amp;album_id=10156471737182480\"><img loading=\"lazy\" decoding=\"async\" class=\"alignnone size-full wp-image-18112\" src=\"https:\/\/fundarte.us\/wp-content\/uploads\/2018\/07\/Richard-Blanco-222-1.png\" alt=\"\" width=\"1000\" height=\"504\" srcset=\"https:\/\/fundarte.us\/wp-content\/uploads\/2018\/07\/Richard-Blanco-222-1.png 1000w, https:\/\/fundarte.us\/wp-content\/uploads\/2018\/07\/Richard-Blanco-222-1-300x151.png 300w, https:\/\/fundarte.us\/wp-content\/uploads\/2018\/07\/Richard-Blanco-222-1-768x387.png 768w, https:\/\/fundarte.us\/wp-content\/uploads\/2018\/07\/Richard-Blanco-222-1-700x353.png 700w\" sizes=\"(max-width: 1000px) 100vw, 1000px\" \/><\/a>Taller impartido por <strong>el poeta Richard Blanco<\/strong>. Evento del Festival OITT,\u00a0 presentado FUNDarte y el Centro Cultural Espa\u00f1ol en Miami (CCEMiami). 23 de Mayo del 2108. Jard\u00edn Bot\u00e1nico de Miami Beach. Fotograf\u00eda por Manolo Romalde<\/h6>\n<p>&nbsp;<\/p>\n<p><strong>Richard Blanco<\/strong> obtuvo una Maestr\u00eda en Bellas Artes en escritura creativa en 1997. Sus libros han ganado premios tan prestigiosos como el <em>Premio de Poes\u00eda Agnes Lynch Starrett <\/em>(1998); <em>Premio Beyond Margins del PEN American Center<\/em> (2005); <em>Premio de Poes\u00eda Paterson<\/em> (2005); <em>Premio Literario de Maine <\/em>(2012); <em>Premio Thom Gunn<\/em> (2012); <em>Premio Literario de Maine de Memorias <\/em>(2015); y el <em>Premio literario Lambda de Memorias Gay <\/em>(2015). Blanco fue seleccionado en 2012 para servir como el quinto poeta inaugural en la historia de los EE. UU., uni\u00e9ndose a las figuras de Robert Frost y Maya Angelou como la persona m\u00e1s joven, y primer latino, inmigrante y adem\u00e1s, persona gay, en desempe\u00f1ar dicho papel. Ha sido nombrado miembro visitante de Woodrow Wilson y recibi\u00f3 doctorados honoris causa de Macalester College, Colby College y la Universidad de Rhode Island. Sus poemas y ensayos han aparecido en numerosas publicaciones y antolog\u00edas, incluidas la serie Best American Poetry, The Nation, The New Republic, The Huffington Post y Cond\u00e9 Nast Traveler.<\/p>\n<p>&nbsp;<\/p>\n<p><a href=\"http:\/\/www.ticketmaster.com\/event\/0D00548A0A41C524\"><img loading=\"lazy\" decoding=\"async\" class=\"alignnone size-full wp-image-17869\" src=\"https:\/\/fundarte.us\/wp-content\/uploads\/2018\/04\/OIT-Eliseo-BC-Front.jpg\" alt=\"\" width=\"1125\" height=\"675\" srcset=\"https:\/\/fundarte.us\/wp-content\/uploads\/2018\/04\/OIT-Eliseo-BC-Front.jpg 1125w, https:\/\/fundarte.us\/wp-content\/uploads\/2018\/04\/OIT-Eliseo-BC-Front-300x180.jpg 300w, https:\/\/fundarte.us\/wp-content\/uploads\/2018\/04\/OIT-Eliseo-BC-Front-768x461.jpg 768w, https:\/\/fundarte.us\/wp-content\/uploads\/2018\/04\/OIT-Eliseo-BC-Front-1024x614.jpg 1024w, https:\/\/fundarte.us\/wp-content\/uploads\/2018\/04\/OIT-Eliseo-BC-Front-700x420.jpg 700w\" sizes=\"(max-width: 1125px) 100vw, 1125px\" \/><\/a><\/p>\n<p>&nbsp;<\/p>\n<p><strong>Eliseo Parra (Espa\u00f1a) en concierto<\/strong><\/p>\n<p><strong>The Gleason Room at the Fillmore (<\/strong>1700 Washington Avenue, Miami Beach)<\/p>\n<p><strong>23 de junio de 2018 a las 8: 30 PM<\/strong><\/p>\n<p><strong>Admisi\u00f3n:<\/strong> $25 general \/ $20 para estudiantes (menores de 18) y seniors (m\u00e1s de 65), Miembros del CCEMiami, residentes de Miami Beach con I.D.<\/p>\n<p><strong>Boletos<\/strong>: En en www.fundarte.us, www.ticketmaster.com o por tel\u00e9fono (800) 745-3000 (ticketmaster) o (305) 673-7300 (Fillmore Miami). Tambi\u00e9n disponibles en la taquilla del Fillmore de lunes a viernes 11:00 a.m. a 6:00 p.m. Las tarifas grupales est\u00e1n disponibles llamando a FUNDarte 786.348.0789.<\/p>\n<p>&nbsp;<\/p>\n<p>El reconocido compositor espa\u00f1ol <strong>Eliseo Parra<\/strong>, ofrecer\u00e1 una embriagadora actuaci\u00f3n en vivo con sus cinco m\u00fasicos, con los que ofrecer\u00e1 un inolvidable repertorio en el que renueva la m\u00fasica folcl\u00f3rica tradicional fuera y m\u00e1s all\u00e1 de la tradici\u00f3n flamenca.<\/p>\n<p>&nbsp;<\/p>\n<h6><a href=\"https:\/\/www.facebook.com\/pg\/fundarte.us\/photos\/?tab=album&amp;album_id=10156471117532480\"><img loading=\"lazy\" decoding=\"async\" class=\"alignnone size-full wp-image-18110\" src=\"https:\/\/fundarte.us\/wp-content\/uploads\/2018\/07\/Eliseo-P-1-1.jpg\" alt=\"\" width=\"1360\" height=\"959\" srcset=\"https:\/\/fundarte.us\/wp-content\/uploads\/2018\/07\/Eliseo-P-1-1.jpg 1360w, https:\/\/fundarte.us\/wp-content\/uploads\/2018\/07\/Eliseo-P-1-1-300x212.jpg 300w, https:\/\/fundarte.us\/wp-content\/uploads\/2018\/07\/Eliseo-P-1-1-768x542.jpg 768w, https:\/\/fundarte.us\/wp-content\/uploads\/2018\/07\/Eliseo-P-1-1-1024x722.jpg 1024w, https:\/\/fundarte.us\/wp-content\/uploads\/2018\/07\/Eliseo-P-1-1-700x494.jpg 700w\" sizes=\"(max-width: 1360px) 100vw, 1360px\" \/><\/a>Actuaci\u00f3n de Eliseo Parra y su banda. Evento del Festival OITT,\u00a0 presentado FUNDarte y el Centro Cultural Espa\u00f1ol en Miami (CCEMiami). 23 de Mayo del 2018. The Gleason Room at the Fillmore. Fotograf\u00eda por Generaci\u00f3n Asere.<\/h6>\n<p>&nbsp;<\/p>\n<p><strong>Eliseo Parra<\/strong> es uno de los principales int\u00e9rpretes e investigadores de m\u00fasica folcl\u00f3rica en Espa\u00f1a, fuera y m\u00e1s all\u00e1 de la tradici\u00f3n flamenca. Ha viajado a peque\u00f1os pueblos para redescubrir viejas canciones e instrumentos musicales y ha aprendido a tocar algunos instrumentos al estilo tradicional. Reconstruye la m\u00fasica folcl\u00f3rica a\u00f1adiendo elementos modernos. Nacido en Sard\u00f3n de Duero (Valladolid), Parra comenz\u00f3 su carrera musical en Barcelona a finales de la d\u00e9cada de 1960 como baterista en varios grupos de rock. En 1971, grab\u00f3 su primer LP con el grupo <strong>Mi Generaci\u00f3n<\/strong>; un \u00e1lbum que present\u00f3 sus propias canciones. Despu\u00e9s de muchos a\u00f1os de continuo estudio y experimentaci\u00f3n con diferentes g\u00e9neros, incluyendo varias grabaciones con colaboradores, as\u00ed como con sus propias bandas, Eliseo Parra es conocido como uno de los principales folkloristas y ejecutantes musicales de Espa\u00f1a. Se ha ganado una reputaci\u00f3n mundial por sus grabaciones de m\u00fasica mundial. https:\/\/www.last.fm\/music\/Eliseo+Parra\/+wiki<\/p>\n<p><strong>\u00a0<\/strong><\/p>\n<p>&nbsp;<\/p>\n<p><strong>ACTIVIDADES EDUCATIVAS<\/strong><\/p>\n<p>Encuentra m\u00e1s informaci\u00f3n en: <a href=\"https:\/\/fundarte.us\/fundarte-event\/eliseo-parra-in-concert\/\">Eliseo Parra<\/a> and <a href=\"https:\/\/fundarte.us\/fundarte-event\/richard-blanco-the-intersection-of-sexual-cultural-identities\/\">Richard Blanco<\/a><\/p>\n<p>&nbsp;<\/p>\n<h6><a href=\"https:\/\/www.facebook.com\/pg\/fundarte.us\/photos\/?tab=album&amp;album_id=10156471737182480\"><img loading=\"lazy\" decoding=\"async\" class=\"alignnone size-full wp-image-18111\" src=\"https:\/\/fundarte.us\/wp-content\/uploads\/2018\/07\/RIchard-Blanco-111-1.png\" alt=\"\" width=\"1000\" height=\"610\" srcset=\"https:\/\/fundarte.us\/wp-content\/uploads\/2018\/07\/RIchard-Blanco-111-1.png 1000w, https:\/\/fundarte.us\/wp-content\/uploads\/2018\/07\/RIchard-Blanco-111-1-300x183.png 300w, https:\/\/fundarte.us\/wp-content\/uploads\/2018\/07\/RIchard-Blanco-111-1-768x468.png 768w, https:\/\/fundarte.us\/wp-content\/uploads\/2018\/07\/RIchard-Blanco-111-1-700x427.png 700w\" sizes=\"(max-width: 1000px) 100vw, 1000px\" \/><\/a>Taller impartido por <strong>el poeta Richard Blanco<\/strong>. Evento del Festival OITT,\u00a0 presentado FUNDarte y el Centro Cultural Espa\u00f1ol en Miami (CCEMiami). 23 de Mayo del 2108. Jard\u00edn Bot\u00e1nico de Miami Beach. Fotograf\u00eda por Manolo Romalde.<\/h6>\n<p>&nbsp;<\/p>\n<p>Este proyecto tambi\u00e9n ha sido posible gracias al Programa de la agencia estatal Acci\u00f3n Cultural Espa\u00f1ola (AC\/E) a trav\u00e9s de su Programa para la Internacionalizaci\u00f3n de la Cultura Espa\u00f1ola (PICE) en la modalidad de Movilidad, lo que facilita la presencia y colaboraci\u00f3n de artistas espa\u00f1oles: Eliseo Parra y sus m\u00fasicos, Josete, Aleix Tobias, Daniel Espasa, Francesc \u2013 Xavier Lozano, Guillem Aguilar y Pablo Martin.<\/p>\n<p>&nbsp;<\/p>\n<p>El proyecto y el apoyo organizativo para Out in The Tropics 2018 de FUNDarte proviene en parte del Miami-Dade County Department of Cultural Affairs and the Mayor and Board of County Commissioners; the National Endowments for the Arts; the City of Miami Beach Cultural Affairs Program, Cultural Arts Council, and the Miami Beach Mayor and City Commissioners; State of Florida, Department of State, Division of Cultural Affairs and the Florida Council on Arts and Culture; South Arts; Funding Arts Network (FAN); The Miami Foundation; Acci\u00f3n Cultural Espa\u00f1ola; Centro Cultural Espa\u00f1ol; MicroTheater Miami; The Gleason Room at the Fillmore Miami Beach; Miami Beach Botanical Garden, University of Miami Departments of Women and Gender Studies, LGBT Studies, and Modern Languages and Literatures, Miami Art Guide; MiamiArtZine; and The Miami Herald.El Centro Cultural Espa\u00f1ol de Cooperaci\u00f3n Iberoamericana, Inc.<\/p>\n<p>&nbsp;<\/p>\n<p>(CCEMiami) fue fundado en 1996. Organizado con fines caritativos, educativos, art\u00edsticos y culturales como se establece en la Secci\u00f3n 501 (c) (3) del C\u00f3digo de Rentas Internas que tiene como objetivo promover y fomentar la cooperaci\u00f3n cultural, la creatividad local y la creaci\u00f3n de un espacio para el di\u00e1logo y el intercambio a trav\u00e9s de un programa anual culturalmente relevante y continuo. Visite www.ccemiami.org para conocer m\u00e1s sobre CCEMiami y la red de centros culturales pertenecientes a la Agencia Espa\u00f1ola de Cooperaci\u00f3n Internacional para el Desarrollo (AECID). CCE Miami es el \u00fanico de este tipo en los EE. UU. Con un programa anual continuo ofrecido en todas las disciplinas culturales.<\/p>\n<p>&nbsp;<\/p>\n<p>FUNDarte (www.fundarte.us) es una organizaci\u00f3n multidisciplinaria sin fines de lucro dedicada a la producci\u00f3n, presentaci\u00f3n y promoci\u00f3n de m\u00fasica, teatro, danza, cine y artes visuales que se relacionan con las diversas culturas de Miami.<\/p>\n<p>&nbsp;<\/p>\n","protected":false},"excerpt":{"rendered":"<p>FUNDarte y el Centro Cultural Espa\u00f1ol (CCEMiami), presentan Out in the Tropics 2018 (OITT) celebra su novena edici\u00f3n con una completa programaci\u00f3n que se extender\u00e1 durante un mes, desde el 24 de mayo al 24 de junio de 2018, por distintos espacios y salas de&#8230;<\/p>\n","protected":false},"featured_media":17903,"template":"","categories":[64],"tags":[],"class_list":["post-17584","fundarte-event","type-fundarte-event","status-publish","has-post-thumbnail","hentry","category-fundarte-destacado-es"],"_links":{"self":[{"href":"https:\/\/fundarte.us\/es\/wp-json\/wp\/v2\/fundarte-event\/17584","targetHints":{"allow":["GET"]}}],"collection":[{"href":"https:\/\/fundarte.us\/es\/wp-json\/wp\/v2\/fundarte-event"}],"about":[{"href":"https:\/\/fundarte.us\/es\/wp-json\/wp\/v2\/types\/fundarte-event"}],"wp:featuredmedia":[{"embeddable":true,"href":"https:\/\/fundarte.us\/es\/wp-json\/wp\/v2\/media\/17903"}],"wp:attachment":[{"href":"https:\/\/fundarte.us\/es\/wp-json\/wp\/v2\/media?parent=17584"}],"wp:term":[{"taxonomy":"category","embeddable":true,"href":"https:\/\/fundarte.us\/es\/wp-json\/wp\/v2\/categories?post=17584"},{"taxonomy":"post_tag","embeddable":true,"href":"https:\/\/fundarte.us\/es\/wp-json\/wp\/v2\/tags?post=17584"}],"curies":[{"name":"wp","href":"https:\/\/api.w.org\/{rel}","templated":true}]}}